{"id":419,"date":"2021-01-10T18:44:50","date_gmt":"2021-01-10T17:44:50","guid":{"rendered":"http:\/\/nelmed.pl\/?page_id=419"},"modified":"2025-08-19T09:48:56","modified_gmt":"2025-08-19T07:48:56","slug":"al-solidarnosci","status":"publish","type":"page","link":"http:\/\/nelmed.pl\/index.php\/al-solidarnosci\/","title":{"rendered":"Neurologia"},"content":{"rendered":"\n<p>Nasz nowy rozdzia\u0142 to Poradnia Neurologiczna, zlokalizowana w Opolu, Aleja Solidarno\u015bci 26.<\/p>\n\n\n\n<p>Poradnia prowadzona jest przez trzy do\u015bwiadczone specjalistki:<\/p>\n\n\n\n<ul class=\"wp-block-list\"><li><strong>dr Wiktori\u0119 Ra\u0142owsk\u0105-Gmoch<\/strong><\/li><li><strong>dr Agnieszk\u0119 Brzesk\u0105-Mazurkiewicz<\/strong><\/li><li><strong>dr Ann\u0119 \u0141\u0105tk\u0119<\/strong><\/li><\/ul>\n\n\n\n<p class=\"has-vivid-red-color has-text-color\"><strong>Z przyjemno\u015bci\u0105 informujemy, \u017ce NZOZ Nelmed zawar\u0142 kontrakt z Narodowym Funduszem Zdrowia na \u015bwiadczenie us\u0142ug w zakresie neurologii. Do tej pory Poradnia realizowa\u0142a wy\u0142\u0105cznie porady komercyjne. Od 1 pa\u017adziernika 2024. to si\u0119 zmieni\u0142o. Umowa obejmuje kompleksow\u0105 opiek\u0119 neurologiczn\u0105 dla pacjent\u00f3w, zgodnie z obowi\u0105zuj\u0105cymi standardami i przepisami NFZ.<\/strong><\/p>\n\n\n\n<p><\/p>\n\n\n\n<p>Profil Poradni to:<\/p>\n\n\n\n<ul class=\"has-black-color has-text-color wp-block-list\"><li><strong>b\u00f3le g\u0142owy i&nbsp;kr\u0119gos\u0142upa<\/strong><ul><li><a href=\"https:\/\/www.mp.pl\/pacjent\/neurologia\/choroby\/150555,migrena\" target=\"_blank\" rel=\"noreferrer noopener\">migrena<\/a><\/li><li><a href=\"https:\/\/www.mp.pl\/pacjent\/neurologia\/choroby\/146312,klasterowy-bol-glowy\" target=\"_blank\" rel=\"noreferrer noopener\">klasterowy b\u00f3l g\u0142owy<\/a><\/li><li><a href=\"https:\/\/www.mp.pl\/pacjent\/neurologia\/choroby\/152472,hemikrania-ciagla\" target=\"_blank\" rel=\"noreferrer noopener\">hemikrania ci\u0105g\u0142a i&nbsp;napadowa<\/a><\/li><li><a href=\"https:\/\/www.mp.pl\/pacjent\/neurologia\/choroby\/146318,polekowe-bole-glowy\" target=\"_blank\" rel=\"noreferrer noopener\">polekowe b\u00f3le g\u0142owy<\/a><\/li><li><a href=\"https:\/\/www.mp.pl\/pacjent\/neurologia\/choroby\/151271,bole-krzyza\" target=\"_blank\" rel=\"noreferrer noopener\">b\u00f3le w&nbsp;odcinku l\u0119d\u017awiowym kr\u0119gos\u0142upa<\/a>&nbsp;(potocznie \u201eb\u00f3le krzy\u017ca\u201d)&nbsp;<\/li><li><a href=\"https:\/\/www.mp.pl\/pacjent\/neurologia\/choroby\/150605,rwa-kulszowa\" target=\"_blank\" rel=\"noreferrer noopener\">rwa kulszowa<\/a><\/li><\/ul><\/li><li><strong>choroby infekcyjne, zaka\u017cenia uk\u0142adu nerwowego<\/strong><ul><li><a href=\"https:\/\/www.mp.pl\/pacjent\/choroby-zakazne\/choroby\/zakazenia-wirusowe\/160404,wirusowe-zapalenie-opon-mozgowo-rdzeniowych\" target=\"_blank\" rel=\"noreferrer noopener\">wirusowe<\/a>&nbsp;lub&nbsp;<a href=\"https:\/\/www.mp.pl\/pacjent\/choroby-zakazne\/choroby\/zakazenia-bakteryjne\/157185,bakteryjne-zapalenie-opon-mozgowo-rdzeniowych\" target=\"_blank\" rel=\"noreferrer noopener\">bakteryjne zapalenie opon m\u00f3zgowo-rdzeniowych<\/a><\/li><li><a href=\"https:\/\/www.mp.pl\/pacjent\/choroby-zakazne\/choroby\/zakazenia-wirusowe\/165554,kleszczowe-zapalenie-mozgu\" target=\"_blank\" rel=\"noreferrer noopener\">kleszczowe zapalenie m\u00f3zgu<\/a><\/li><li><a href=\"https:\/\/www.mp.pl\/pacjent\/choroby-zakazne\/choroby\/inne-rodzaje-zakazen\/165059,grzybice-osrodkowego-ukladu-nerwowego\" target=\"_blank\" rel=\"noreferrer noopener\">grzybice o\u015brodkowego uk\u0142adu nerwowego<\/a><\/li><\/ul><\/li><li><strong>choroby naczyniowe<\/strong><ul><li><a href=\"https:\/\/www.mp.pl\/pacjent\/udar\/udar-mozgu\/135796,udar-mozgu\" target=\"_blank\" rel=\"noreferrer noopener\">udar m\u00f3zgu: niedokrwienny<\/a>, najcz\u0119\u015bciej spowodowany&nbsp;<a href=\"https:\/\/www.mp.pl\/pacjent\/chorobawiencowa\/informacje\/definicje\/54556,miazdzyca\" target=\"_blank\" rel=\"noreferrer noopener\">mia\u017cd\u017cyc\u0105<\/a>&nbsp;lub krwotoczny, potocznie nazywany wylewem&nbsp;<\/li><li><a href=\"https:\/\/www.mp.pl\/pacjent\/objawy\/136426,przemijajacy-atak-niedokrwienny-tia\" target=\"_blank\" rel=\"noreferrer noopener\">przemijaj\u0105cy napad niedokrwienny (TIA)<\/a><\/li><\/ul><\/li><li><strong>zaburzenia ruchowe<\/strong><ul><li><a href=\"https:\/\/www.mp.pl\/pacjent\/neurologia\/choroby\/146237,choroba-huntingtona\" target=\"_blank\" rel=\"noreferrer noopener\">pl\u0105sawica Huntingtona<\/a><\/li><li><a href=\"https:\/\/www.mp.pl\/pacjent\/neurologia\/choroby\/151060,choroba-parkinsona\" target=\"_blank\" rel=\"noreferrer noopener\">choroba Parkinsona<\/a><\/li><\/ul><\/li><li><strong>zespo\u0142y ot\u0119pienne<\/strong><ul><li><a href=\"https:\/\/www.mp.pl\/pacjent\/neurologia\/choroby\/151134,choroba-alzheimera\" target=\"_blank\" rel=\"noreferrer noopener\">choroba Alzheimera<\/a><\/li><li><a href=\"https:\/\/www.mp.pl\/pacjent\/neurologia\/choroby\/152642,otepienie-czolowo-skroniowe\" target=\"_blank\" rel=\"noreferrer noopener\">ot\u0119pienie czo\u0142owo-skroniowe<\/a><\/li><\/ul><\/li><li><strong>choroby demielinizacyjne<\/strong><ul><li><a href=\"https:\/\/www.mp.pl\/pacjent\/neurologia\/choroby\/151119,stwardnienie-rozsiane\" target=\"_blank\" rel=\"noreferrer noopener\">stwardnienie rozsiane<\/a><\/li><li><a href=\"https:\/\/www.mp.pl\/pacjent\/neurologia\/choroby\/151482,zespol-guillaina-i-barrego\" target=\"_blank\" rel=\"noreferrer noopener\">zesp\u00f3\u0142 Guillaina i&nbsp;Barr\u00e9go<\/a><\/li><\/ul><\/li><li><strong>choroby uk\u0142adu nerwowo-mi\u0119\u015bniowego<\/strong><ul><li><a href=\"https:\/\/www.mp.pl\/pacjent\/neurologia\/choroby\/151571,rdzeniowy-zanik-miesni\" target=\"_blank\" rel=\"noreferrer noopener\">rdzeniowy zanik mi\u0119\u015bni (SMA)<\/a><\/li><li><a href=\"https:\/\/www.mp.pl\/pacjent\/neurologia\/choroby\/151495,stwardnienie-zanikowe-boczne\" target=\"_blank\" rel=\"noreferrer noopener\">stwardnienie zanikowe boczne<\/a><\/li><li><a href=\"https:\/\/www.mp.pl\/pacjent\/neurologia\/choroby\/151421,dziedziczne-neuropatie-ruchowo-czuciowe\" target=\"_blank\" rel=\"noreferrer noopener\">dziedziczne neuropatie ruchowo-czuciowe<\/a><\/li><li><a href=\"https:\/\/www.mp.pl\/pacjent\/neurologia\/choroby\/165485,polineuropatie\" target=\"_blank\" rel=\"noreferrer noopener\">polineuropatie<\/a><\/li><\/ul><\/li><li><strong>inne cz\u0119ste choroby neurologiczne<\/strong><ul><li><a href=\"https:\/\/www.mp.pl\/pacjent\/neurologia\/choroby\/146293,padaczka\" target=\"_blank\" rel=\"noreferrer noopener\">padaczka<\/a><\/li><li><a href=\"https:\/\/www.mp.pl\/pacjent\/neurologia\/choroby\/150964,miastenia\" target=\"_blank\" rel=\"noreferrer noopener\">miastenia<\/a><\/li><li><a href=\"https:\/\/www.mp.pl\/pacjent\/neurologia\/choroby\/151317,zespol-tourettea\" target=\"_blank\" rel=\"noreferrer noopener\">zesp\u00f3\u0142 Tourette\u2019a<\/a><\/li><\/ul><\/li><li><strong>urazy czaszkowo-m\u00f3zgowe<\/strong><ul><li><a href=\"https:\/\/www.mp.pl\/pacjent\/neurologia\/choroby\/146323,wstrzasnienie-mozgu\" target=\"_blank\" rel=\"noreferrer noopener\">wstrz\u0105\u015bnienie m\u00f3zgu<\/a><\/li><\/ul><\/li><\/ul>\n\n\n\n<p><\/p>\n","protected":false},"excerpt":{"rendered":"<p>Nasz nowy rozdzia\u0142 to Poradnia Neurologiczna, zlokalizowana w Opolu, Aleja Solidarno\u015bci 26. Poradnia prowadzona jest przez trzy do\u015bwiadczone specjalistki: dr Wiktori\u0119 Ra\u0142owsk\u0105-Gmoch dr Agnieszk\u0119 Brzesk\u0105-Mazurkiewicz dr Ann\u0119 \u0141\u0105tk\u0119 Z przyjemno\u015bci\u0105 informujemy, \u017ce NZOZ Nelmed zawar\u0142 kontrakt z Narodowym Funduszem Zdrowia na \u015bwiadczenie us\u0142ug w zakresie neurologii. Do tej pory Poradnia realizowa\u0142a wy\u0142\u0105cznie porady komercyjne. Od&#8230;<\/p>\n<p class=\"more-link\"><a href=\"http:\/\/nelmed.pl\/index.php\/al-solidarnosci\/\"><span>Read More<\/span><i>&#43;<\/i><\/a><\/p>\n","protected":false},"author":1,"featured_media":0,"parent":0,"menu_order":0,"comment_status":"closed","ping_status":"closed","template":"","meta":{"footnotes":""},"class_list":["post-419","page","type-page","status-publish","hentry"],"_links":{"self":[{"href":"http:\/\/nelmed.pl\/index.php\/wp-json\/wp\/v2\/pages\/419","targetHints":{"allow":["GET"]}}],"collection":[{"href":"http:\/\/nelmed.pl\/index.php\/wp-json\/wp\/v2\/pages"}],"about":[{"href":"http:\/\/nelmed.pl\/index.php\/wp-json\/wp\/v2\/types\/page"}],"author":[{"embeddable":true,"href":"http:\/\/nelmed.pl\/index.php\/wp-json\/wp\/v2\/users\/1"}],"replies":[{"embeddable":true,"href":"http:\/\/nelmed.pl\/index.php\/wp-json\/wp\/v2\/comments?post=419"}],"version-history":[{"count":15,"href":"http:\/\/nelmed.pl\/index.php\/wp-json\/wp\/v2\/pages\/419\/revisions"}],"predecessor-version":[{"id":657,"href":"http:\/\/nelmed.pl\/index.php\/wp-json\/wp\/v2\/pages\/419\/revisions\/657"}],"wp:attachment":[{"href":"http:\/\/nelmed.pl\/index.php\/wp-json\/wp\/v2\/media?parent=419"}],"curies":[{"name":"wp","href":"https:\/\/api.w.org\/{rel}","templated":true}]}}